{"id":2438,"date":"2021-03-12T17:37:03","date_gmt":"2021-03-12T09:37:03","guid":{"rendered":"https:\/\/avecobaggie.com\/?post_type=product&#038;p=2438"},"modified":"2025-06-19T16:47:55","modified_gmt":"2025-06-19T08:47:55","slug":"6-can-cooler-bag-in-bulk","status":"publish","type":"product","link":"https:\/\/avecobaggie.com\/pt\/produto\/6-can-cooler-bag-in-bulk\/","title":{"rendered":"Saco t\u00e9rmico de 6 latas a granel"},"content":{"rendered":"<p>A Aveco Company especializou-se em sacos de materiais ecol\u00f3gicos, tais como sacos de lona de algod\u00e3o, sacos de musselina, sacos de serapilheira de juta, sacos de rPET, sacos de n\u00e3o tecido, etc. Oferecemos um servi\u00e7o de solu\u00e7\u00e3o de balc\u00e3o \u00fanico, desde o fornecimento de material at\u00e9 ao envio. Os nossos sacos s\u00e3o dur\u00e1veis, de alta qualidade e acess\u00edveis para atender a diferentes fins, podemos atender \u00e0s suas necessidades a granel com um MOQ bastante baixo e entrega r\u00e1pida.<\/p>\n<p>A listagem de sacos t\u00e9rmicos foi concebida com 6 latas no interior, tamb\u00e9m temos tamanho para 12 latas, ou garrafas, ou vinhos. Podemos conceber e fabricar com os seus pedidos especializados.<\/p>\n<p>CARACTER\u00cdSTICAS DO PRODUTO<\/p>\n<ul>\n<li><strong>Estilo do saco<\/strong>: Saco de refrigera\u00e7\u00e3o<\/li>\n<li><strong>Tipo de material<\/strong>: N\u00e3o-tecido + Folha de alum\u00ednio<\/li>\n<li><strong>Material Peso<\/strong>: 70g<\/li>\n<li><strong>Cor do material<\/strong>: Azul ou outra cor personalizada<\/li>\n<li><strong>Tamanho do saco<\/strong>: 24X16X14CM (lista com tamanho padr\u00e3o, aceitamos saco de tamanho personalizado \uff09<\/li>\n<li><strong>\u00c1rea de impress\u00e3o<\/strong>: 1 cor | 2 cores | mais cores| Impress\u00e3o completa, impress\u00e3o de um lado ou dois lados<\/li>\n<li><strong>Encerramento<\/strong>: Com fecho de correr<\/li>\n<li><strong>Instru\u00e7\u00f5es de manuten\u00e7\u00e3o<\/strong>: Recomenda-se a lavagem \u00e0 m\u00e3o, a lavagem \u00e0 m\u00e1quina tamb\u00e9m \u00e9 aceit\u00e1vel, pendurar a secar.<\/li>\n<\/ul>\n\n\n<p><\/p>","protected":false},"excerpt":{"rendered":"<p>Concebida com 6 latas no interior, mant\u00e9m as bebidas frescas, o log\u00f3tipo ou o padr\u00e3o podem ser personalizados de acordo com as suas necessidades.<\/p>","protected":false},"featured_media":2530,"comment_status":"open","ping_status":"closed","template":"","meta":{"_seopress_robots_primary_cat":"none","_seopress_titles_title":"%%post_title%% %%sep%% %%sitetitle%%","_seopress_titles_desc":"","_seopress_robots_index":""},"product_brand":[],"product_cat":[30,109],"product_tag":[],"class_list":{"0":"post-2438","1":"product","2":"type-product","3":"status-publish","4":"has-post-thumbnail","6":"product_cat-cooler-bag","7":"product_cat-everyday","9":"first","10":"instock","11":"taxable","12":"shipping-taxable","13":"product-type-simple"},"_links":{"self":[{"href":"https:\/\/avecobaggie.com\/pt\/wp-json\/wp\/v2\/product\/2438","targetHints":{"allow":["GET"]}}],"collection":[{"href":"https:\/\/avecobaggie.com\/pt\/wp-json\/wp\/v2\/product"}],"about":[{"href":"https:\/\/avecobaggie.com\/pt\/wp-json\/wp\/v2\/types\/product"}],"replies":[{"embeddable":true,"href":"https:\/\/avecobaggie.com\/pt\/wp-json\/wp\/v2\/comments?post=2438"}],"wp:featuredmedia":[{"embeddable":true,"href":"https:\/\/avecobaggie.com\/pt\/wp-json\/wp\/v2\/media\/2530"}],"wp:attachment":[{"href":"https:\/\/avecobaggie.com\/pt\/wp-json\/wp\/v2\/media?parent=2438"}],"wp:term":[{"taxonomy":"product_brand","embeddable":true,"href":"https:\/\/avecobaggie.com\/pt\/wp-json\/wp\/v2\/product_brand?post=2438"},{"taxonomy":"product_cat","embeddable":true,"href":"https:\/\/avecobaggie.com\/pt\/wp-json\/wp\/v2\/product_cat?post=2438"},{"taxonomy":"product_tag","embeddable":true,"href":"https:\/\/avecobaggie.com\/pt\/wp-json\/wp\/v2\/product_tag?post=2438"}],"curies":[{"name":"wp","href":"https:\/\/api.w.org\/{rel}","templated":true}]}}